{"id":11662,"date":"2022-10-27T07:49:11","date_gmt":"2022-10-27T07:49:11","guid":{"rendered":"https:\/\/www.fundaciocatalunyacultura.cat\/?page_id=11662"},"modified":"2025-08-26T11:30:50","modified_gmt":"2025-08-26T11:30:50","slug":"aviso-legal","status":"publish","type":"page","link":"https:\/\/www.fundaciocatalunyacultura.cat\/es\/aviso-legal\/","title":{"rendered":"Aviso legal"},"content":{"rendered":"<h2>Titularitat<\/h2>\n<p>En compliment del que estableix la Llei 34\/2002, d\u201911 de juliol, de serveis de la societat de la informaci\u00f3 i del comer\u00e7 electr\u00f2nic, s\u2019informa que l\u2019entitat titular del lloc web allotjat a la URL www.catalunyaCultura.net \u00e9s la Fundaci\u00f3 Catalunya Cultura, fundaci\u00f3 inscrita al Registre de Fundacions Privades de la Generalitat de Catalunya, amb el n\u00fam. 2883 amb domicili a Barcelona (08006), a Avinguda Diagonal 452, amb CIF n\u00fam. G-66402801, tel\u00e8fon 934123143, a\/e: info@fundaciocatalunyacultura.cat.<\/p>\n<h2>Condicions d\u2019\u00fas del lloc web<\/h2>\n<p>Mitjan\u00e7ant l\u2019acceptaci\u00f3 d\u2019aquestes condicions d\u2019\u00fas, les persones usu\u00e0ries es comprometen a utilitzar aquest lloc web i els serveis oferts, de forma l\u00edcita, d\u2019acord amb el que disposen aquestes cl\u00e0usules, i de manera que no produeixin un perjudici en els drets o interessos de persones terceres o que puguin danyar o produir un \u00fas anormal del lloc web o dels serveis que s\u2019hi presten.<\/p>\n<p>Tot acc\u00e9s a aquest lloc web resta subjecte a les condicions seg\u00fcents:<\/p>\n<p>\u2022 L\u2019acc\u00e9s i l\u2019\u00fas del lloc web s\u00f3n lliures i gratu\u00efts. Tanmateix, la Fundaci\u00f3 Catalunya Cultura es reserva la possibilitat de restringir-ne determinades seccions per a les finalitats que estimi oportunes.<\/p>\n<p>\u2022 La totalitat de la informaci\u00f3 facilitada per l\u2019usuari o usu\u00e0ria a trav\u00e9s d\u2019aquest lloc web haur\u00e0 de ser certa, de manera que la persona usu\u00e0ria garantir\u00e0 l\u2019autenticitat de les dades que hagi comunicat a la Fundaci\u00f3 Catalunya Cultura mitjan\u00e7ant els formularis d\u2019aquest lloc web. La persona usu\u00e0ria es responsabilitza de mantenir la informaci\u00f3 facilitada permanentment actualitzada, de manera que es correspongui a cada moment amb la seva situaci\u00f3 present. En qualsevol cas, l\u2019usuari o usu\u00e0ria ser\u00e0 l\u2019\u00fanica persona responsable de la informaci\u00f3 inexacta o falsa que hagi proporcionat, aix\u00ed com del perjudici que aquesta informaci\u00f3 provoqui a la Fundaci\u00f3 Catalunya Cultura o a tercers.<\/p>\n<p>\u2022 L\u2019usuari o usu\u00e0ria es compromet a fer un \u00fas adequat del lloc web, amb total subjecci\u00f3 a la llei i als bons costums, i a mantenir el degut respecte a les altres persones usu\u00e0ries.<\/p>\n<p>\u2022 Resta prohibit qualsevol \u00fas comercial del lloc web.<\/p>\n<p>\u2022 L\u2019usuari o usu\u00e0ria s\u2019obliga a no utilitzar cap dels documents, imatges i informacions contingudes en aquest lloc web amb finalitats il\u00b7l\u00edcites, expressament prohibides en aquestes condicions d\u2019\u00fas i\/o contr\u00e0ries als drets i interessos de la Fundaci\u00f3 Catalunya Cultura, d\u2019algun dels seus membres i\/o tercers, i hi respondr\u00e0 en cas d\u2019incomplir aquesta obligaci\u00f3.<\/p>\n<p>\u2022 Resta prohibida la modificaci\u00f3 i\/o explotaci\u00f3 del lloc web i els seus continguts.<\/p>\n<p>\u2022 La Fundaci\u00f3 Catalunya Cultura no garanteix que el lloc web i el servidor estiguin lliures de virus i no es fa responsable dels danys causats per l\u2019acc\u00e9s al lloc web o per la impossibilitat d\u2019accedir-hi.<\/p>\n<p>\u2022 L\u2019\u00fas d\u2019aquest lloc web implica l\u2019acceptaci\u00f3 plena i sense reserves dels termes i condicions continguts en el present av\u00eds legal.<\/p>\n<h2>Privadesa de les dades<\/h2>\n<p>La Fundaci\u00f3 Catalunya Cultura es compromet a fer un \u00fas responsable i confidencial de les dades, garanteix que es tractaran d\u2019acord amb la legislaci\u00f3 vigent en cada moment i que aquestes dades tan sols s\u2019utilitzaran amb la finalitat indicada en cada cas.<\/p>\n<p>La persona usu\u00e0ria respondr\u00e0, en tot cas, de la veracitat de les dades facilitades, i la Fundaci\u00f3 Catalunya Cultura es reservar\u00e0 el dret a excloure dels serveis registrats tot aquell usuari o usu\u00e0ria que hagi facilitat dades falses, sense perjudici d\u2019aquelles accions legals que puguin ser procedents.<\/p>\n<p>Accedeix a la nostra Pol\u00edtica de Privacitat per saber com tractem les dades de car\u00e0cter personal i con\u00e8ixer els drets que t\u2019assisteixen.<\/p>\n<h2>Pol\u00edtica de cookies (galetes)<\/h2>\n<p>La Fundaci\u00f3 Catalunya Cultura utilitza cookies pr\u00f2pies i de tercers destinades a millorar el funcionament i la visualitzaci\u00f3 del lloc web, aix\u00ed com l\u2019experi\u00e8ncia d\u2019usuari. En cap cas les cookies o altres mitjans de naturalesa an\u00e0loga que es puguin utilitzar, serviran per emmagatzemar informaci\u00f3 que permeti identificar la persona f\u00edsica usu\u00e0ria.<\/p>\n<p>Amb l\u2019acc\u00e9s al lloc web de la Fundaci\u00f3 Catalunya Cultura, l\u2019usuari t\u00e9 l\u2019opci\u00f3 de consentir l\u2019\u00fas de totes les cookies, de declinar-les, o de personalitzar quines cookies vol consentir i quines vol declinar el seu \u00fas. Les cookies registren dades estad\u00edstiques an\u00f2nimes durant la navegaci\u00f3, conforme al Reial decret llei 13\/2012, de 30 de mar\u00e7.<\/p>\n<p>Per a m\u00e9s informaci\u00f3 consulta la nostra Pol\u00edtica de Cookies.<\/p>\n<h2>Protecci\u00f3 dels drets de propietat intel\u00b7lectual i industrial<\/h2>\n<p>S\u00f3n titularitat de la Fundaci\u00f3 Catalunya Cultura els drets de propietat intel\u00b7lectual i industrial del lloc web fundaciocatalunyacultura.cat, que inclou els continguts i elements gr\u00e0fics, el seu codi font, disseny, estructura de navegaci\u00f3, bases de dades i altres elements que formen part del lloc web. Correspon a la Fundaci\u00f3 Catalunya Cultura l\u2019exercici, en exclusiva, dels drets d\u2019explotaci\u00f3 en qualsevol forma i, en concret, dels drets de reproducci\u00f3, distribuci\u00f3, comunicaci\u00f3 p\u00fablica i transformaci\u00f3. Qualsevol \u00fas o reproducci\u00f3 que les persones usu\u00e0ries facin d\u2019aquests continguts, o d\u2019altres que s\u2019hi puguin incloure en el futur, s\u2019han de fer seguint les previsions i respectant les limitacions de la normativa de propietat intel\u00b7lectual i en qualsevol cas amb l\u2019autoritzaci\u00f3 de la Fundaci\u00f3 Catalunya Cultura, sense perjudici dels l\u00edmits que estableix el reial decret legislatiu 1\/1996, del 12 d\u2019abril, pel qual s\u2019aprova el text ref\u00f3s de la llei de propietat intel\u00b7lectual.<\/p>\n<p>Igualment, existeixen textos, imatges i logos de terceres parts que es troben protegides per la legislaci\u00f3 de propietat intel\u00b7lectual i industrial. Els drets de propietat intel\u00b7lectual dels articles i textos facilitats per aquest lloc web, pertanyen als seus respectius autors o mitjans de comunicaci\u00f3.<\/p>\n<h2>Reserva de drets<\/h2>\n<p>La Fundaci\u00f3 Catalunya Cultura explicita una reserva de drets amb car\u00e0cter general respecte al conjunt dels continguts difosos en el lloc web que s\u00f3n objecte de propietat intel\u00b7lectual i industrial. Aquest av\u00eds legal no suposa cap cessi\u00f3 de drets a favor de l\u2019usuari en relaci\u00f3 a cap dels elements integrants del lloc web o dels seus continguts.<\/p>\n<p>No s\u2019autoritza en cap cas:<\/p>\n<p>\u2022 Una extracci\u00f3 d\u2019elements del lloc web que causi perjudici a fundaciocatalunyacultura.cat conforme a les disposicions vigents.<\/p>\n<p>\u2022 L\u2019\u00fas comercial dels continguts del lloc web fundaciocatalunyacultura.cat<\/p>\n<p>\u2022 L\u2019\u00fas de marques o signes distintius, logotips, combinacions de colors, estructura, disseny i, en general, s\u00edmbols distintius de qualsevol naturalesa, propietat de la Fundaci\u00f3 Catalunya Cultura, sense el coneixement i l\u2019autoritzaci\u00f3 corresponent de l\u2019entitat.<\/p>\n<p>\u2022 L\u2019\u00fas de continguts en activitats il\u00b7l\u00edcites, il\u00b7legals o contr\u00e0ries a la bona fe i l\u2019ordre p\u00fablic.<\/p>\n<p>\u2022 Difondre continguts o propaganda de car\u00e0cter racista o xen\u00f2fob, pornogr\u00e0fic, il\u00b7legal o que atempti contra els drets humans.<\/p>\n<p>\u2022 Provocar danys en els sistemes f\u00edsics i l\u00f2gics de la Fundaci\u00f3 Catalunya Cultura, dels seus prove\u00efdors o de terceres persones; introduir o difondre a la xarxa virus inform\u00e0tics o altres sistemes f\u00edsics o l\u00f2gics que siguin susceptibles de provocar danys.<\/p>\n<p>\u2022 Intentar accedir i, en el seu cas, utilitzar els comptes de correu electr\u00f2nic d\u2019altres usuaris i modificar o manipular els seus missatges.<\/p>\n<p>La persona usu\u00e0ria podr\u00e0 visualitzar els continguts d\u2019aquest lloc web, copiar-los, imprimir-los en el seu ordinador o qualsevol altre suport nom\u00e9s per al seu \u00fas personal i privat.<\/p>\n<h2>Exclusi\u00f3 de responsabilitat<\/h2>\n<p>La Fundaci\u00f3 Catalunya Cultura no es responsabilitza dels danys i perjudicis que pugui provocar la falta d\u2019exactitud, autenticitat, exhaustivitat i actualitat de la informaci\u00f3 continguda en aquest lloc web, ni dels danys causats per qualsevol error o omissi\u00f3 en qu\u00e8 puguin inc\u00f3rrer tant la informaci\u00f3 i manifestacions publicades en aquest lloc web com la informaci\u00f3 obtinguda a trav\u00e9s d\u2019enlla\u00e7os a sistemes externs als quals es pugui accedir.<\/p>\n<p>La Fundaci\u00f3 Catalunya Cultura no assumeix cap deure o comprom\u00eds de verificar ni de vigilar els continguts i\/o informacions de les p\u00e0gines web a les quals s\u2019accedeixi mitjan\u00e7ant links o enlla\u00e7os a sistemes i llocs web externs.<\/p>\n<p>La Fundaci\u00f3 Catalunya Cultura no garanteix la disponibilitat, continu\u00eftat ni la infal\u00b7libilitat del funcionament del lloc web i, per tant, exclou, dins el marc legal vigent, qualsevol responsabilitat pels danys i perjudicis causats per la falta de disponibilitat o de continu\u00eftat del funcionament del lloc web i dels seus serveis habilitats, aix\u00ed com per les dificultats en l\u2019acc\u00e9s a les diferents p\u00e0gines web o a aquelles des de les quals, en el seu cas, es prestin determinats serveis.<\/p>\n<p>La Fundaci\u00f3 Catalunya Cultura no garanteix que el lloc web i el servidor estiguin lliures de virus o altres elements lesius que poguessin malmetre o produir alteracions en el sistema inform\u00e0tic, en els documents electr\u00f2nics o en els fitxers de la persona usu\u00e0ria enviats a tercers. Per aix\u00f2, declina tota responsabilitat pels danys inform\u00e0tics o d\u2019altres tipus causats per l\u2019acc\u00e9s al lloc web o per la impossibilitat d\u2019accedir-hi.<\/p>\n<p>\u00a9 2021 Fundaci\u00f3 Catalunya Cultura. CIF: G66402801. Reg. de Fundacions N\u00fam. 2883<\/p>\n","protected":false},"excerpt":{"rendered":"<p>Titularitat En compliment del que estableix la Llei 34\/2002, d\u201911 de juliol, de serveis de la societat de la informaci\u00f3 i del comer\u00e7 electr\u00f2nic, s\u2019informa que l\u2019entitat titular del lloc web allotjat a la URL www.catalunyaCultura.net \u00e9s la Fundaci\u00f3 Catalunya Cultura, fundaci\u00f3 inscrita al Registre de Fundacions Privades de la Generalitat de Catalunya, amb el [&hellip;]<\/p>\n","protected":false},"author":1,"featured_media":0,"parent":0,"menu_order":0,"comment_status":"closed","ping_status":"closed","template":"","meta":{"_acf_changed":false,"footnotes":""},"class_list":["post-11662","page","type-page","status-publish","hentry"],"acf":[],"yoast_head":"<!-- This site is optimized with the Yoast SEO plugin v25.1 - https:\/\/yoast.com\/wordpress\/plugins\/seo\/ -->\n<title>Aviso legal | Fundaci\u00f3 Catalunya Cultura<\/title>\n<meta name=\"robots\" content=\"index, follow, max-snippet:-1, max-image-preview:large, max-video-preview:-1\" \/>\n<link rel=\"canonical\" href=\"https:\/\/www.fundaciocatalunyacultura.cat\/es\/aviso-legal\/\" \/>\n<meta property=\"og:locale\" content=\"es_ES\" \/>\n<meta property=\"og:type\" content=\"article\" \/>\n<meta property=\"og:title\" content=\"Aviso legal | Fundaci\u00f3 Catalunya Cultura\" \/>\n<meta property=\"og:description\" content=\"Titularitat En compliment del que estableix la Llei 34\/2002, d\u201911 de juliol, de serveis de la societat de la informaci\u00f3 i del comer\u00e7 electr\u00f2nic, s\u2019informa que l\u2019entitat titular del lloc web allotjat a la URL www.catalunyaCultura.net \u00e9s la Fundaci\u00f3 Catalunya Cultura, fundaci\u00f3 inscrita al Registre de Fundacions Privades de la Generalitat de Catalunya, amb el [&hellip;]\" \/>\n<meta property=\"og:url\" content=\"https:\/\/www.fundaciocatalunyacultura.cat\/es\/aviso-legal\/\" \/>\n<meta property=\"og:site_name\" content=\"Fundaci\u00f3 Catalunya Cultura\" \/>\n<meta property=\"article:publisher\" content=\"https:\/\/www.facebook.com\/fundaciocatalunyacultura\/\" \/>\n<meta property=\"article:modified_time\" content=\"2025-08-26T11:30:50+00:00\" \/>\n<meta name=\"twitter:card\" content=\"summary_large_image\" \/>\n<meta name=\"twitter:site\" content=\"@fcatcultura\" \/>\n<meta name=\"twitter:label1\" content=\"Tiempo de lectura\" \/>\n\t<meta name=\"twitter:data1\" content=\"8 minutos\" \/>\n<script type=\"application\/ld+json\" class=\"yoast-schema-graph\">{\"@context\":\"https:\/\/schema.org\",\"@graph\":[{\"@type\":\"WebPage\",\"@id\":\"https:\/\/www.fundaciocatalunyacultura.cat\/es\/aviso-legal\/\",\"url\":\"https:\/\/www.fundaciocatalunyacultura.cat\/es\/aviso-legal\/\",\"name\":\"Aviso legal | Fundaci\u00f3 Catalunya Cultura\",\"isPartOf\":{\"@id\":\"https:\/\/www.fundaciocatalunyacultura.cat\/es\/#website\"},\"datePublished\":\"2022-10-27T07:49:11+00:00\",\"dateModified\":\"2025-08-26T11:30:50+00:00\",\"breadcrumb\":{\"@id\":\"https:\/\/www.fundaciocatalunyacultura.cat\/es\/aviso-legal\/#breadcrumb\"},\"inLanguage\":\"es\",\"potentialAction\":[{\"@type\":\"ReadAction\",\"target\":[\"https:\/\/www.fundaciocatalunyacultura.cat\/es\/aviso-legal\/\"]}]},{\"@type\":\"BreadcrumbList\",\"@id\":\"https:\/\/www.fundaciocatalunyacultura.cat\/es\/aviso-legal\/#breadcrumb\",\"itemListElement\":[{\"@type\":\"ListItem\",\"position\":1,\"name\":\"Inici\",\"item\":\"https:\/\/www.fundaciocatalunyacultura.cat\/es\/\"},{\"@type\":\"ListItem\",\"position\":2,\"name\":\"Aviso legal\"}]},{\"@type\":\"WebSite\",\"@id\":\"https:\/\/www.fundaciocatalunyacultura.cat\/es\/#website\",\"url\":\"https:\/\/www.fundaciocatalunyacultura.cat\/es\/\",\"name\":\"Fundaci\u00f3 Catalunya Cultura\",\"description\":\"\",\"publisher\":{\"@id\":\"https:\/\/www.fundaciocatalunyacultura.cat\/es\/#organization\"},\"potentialAction\":[{\"@type\":\"SearchAction\",\"target\":{\"@type\":\"EntryPoint\",\"urlTemplate\":\"https:\/\/www.fundaciocatalunyacultura.cat\/es\/?s={search_term_string}\"},\"query-input\":{\"@type\":\"PropertyValueSpecification\",\"valueRequired\":true,\"valueName\":\"search_term_string\"}}],\"inLanguage\":\"es\"},{\"@type\":\"Organization\",\"@id\":\"https:\/\/www.fundaciocatalunyacultura.cat\/es\/#organization\",\"name\":\"Fundaci\u00f3 Catalunya Cultura\",\"url\":\"https:\/\/www.fundaciocatalunyacultura.cat\/es\/\",\"logo\":{\"@type\":\"ImageObject\",\"inLanguage\":\"es\",\"@id\":\"https:\/\/www.fundaciocatalunyacultura.cat\/es\/#\/schema\/logo\/image\/\",\"url\":\"https:\/\/hundreds-wordpress-uploads.s3.amazonaws.com\/fundacio-catalunya-cultura\/uploads\/2021\/03\/fcc_logo_blanc-scaled.jpeg\",\"contentUrl\":\"https:\/\/hundreds-wordpress-uploads.s3.amazonaws.com\/fundacio-catalunya-cultura\/uploads\/2021\/03\/fcc_logo_blanc-scaled.jpeg\",\"width\":2560,\"height\":1785,\"caption\":\"Fundaci\u00f3 Catalunya Cultura\"},\"image\":{\"@id\":\"https:\/\/www.fundaciocatalunyacultura.cat\/es\/#\/schema\/logo\/image\/\"},\"sameAs\":[\"https:\/\/www.facebook.com\/fundaciocatalunyacultura\/\",\"https:\/\/x.com\/fcatcultura\",\"https:\/\/www.linkedin.com\/company\/fundaci\u00f3-catalunya-cultura\/\",\"https:\/\/ca.wikipedia.org\/wiki\/Fundaci\u00f3_Catalunya_Cultura\"]}]}<\/script>\n<!-- \/ Yoast SEO plugin. -->","yoast_head_json":{"title":"Aviso legal | Fundaci\u00f3 Catalunya Cultura","robots":{"index":"index","follow":"follow","max-snippet":"max-snippet:-1","max-image-preview":"max-image-preview:large","max-video-preview":"max-video-preview:-1"},"canonical":"https:\/\/www.fundaciocatalunyacultura.cat\/es\/aviso-legal\/","og_locale":"es_ES","og_type":"article","og_title":"Aviso legal | Fundaci\u00f3 Catalunya Cultura","og_description":"Titularitat En compliment del que estableix la Llei 34\/2002, d\u201911 de juliol, de serveis de la societat de la informaci\u00f3 i del comer\u00e7 electr\u00f2nic, s\u2019informa que l\u2019entitat titular del lloc web allotjat a la URL www.catalunyaCultura.net \u00e9s la Fundaci\u00f3 Catalunya Cultura, fundaci\u00f3 inscrita al Registre de Fundacions Privades de la Generalitat de Catalunya, amb el [&hellip;]","og_url":"https:\/\/www.fundaciocatalunyacultura.cat\/es\/aviso-legal\/","og_site_name":"Fundaci\u00f3 Catalunya Cultura","article_publisher":"https:\/\/www.facebook.com\/fundaciocatalunyacultura\/","article_modified_time":"2025-08-26T11:30:50+00:00","twitter_card":"summary_large_image","twitter_site":"@fcatcultura","twitter_misc":{"Tiempo de lectura":"8 minutos"},"schema":{"@context":"https:\/\/schema.org","@graph":[{"@type":"WebPage","@id":"https:\/\/www.fundaciocatalunyacultura.cat\/es\/aviso-legal\/","url":"https:\/\/www.fundaciocatalunyacultura.cat\/es\/aviso-legal\/","name":"Aviso legal | Fundaci\u00f3 Catalunya Cultura","isPartOf":{"@id":"https:\/\/www.fundaciocatalunyacultura.cat\/es\/#website"},"datePublished":"2022-10-27T07:49:11+00:00","dateModified":"2025-08-26T11:30:50+00:00","breadcrumb":{"@id":"https:\/\/www.fundaciocatalunyacultura.cat\/es\/aviso-legal\/#breadcrumb"},"inLanguage":"es","potentialAction":[{"@type":"ReadAction","target":["https:\/\/www.fundaciocatalunyacultura.cat\/es\/aviso-legal\/"]}]},{"@type":"BreadcrumbList","@id":"https:\/\/www.fundaciocatalunyacultura.cat\/es\/aviso-legal\/#breadcrumb","itemListElement":[{"@type":"ListItem","position":1,"name":"Inici","item":"https:\/\/www.fundaciocatalunyacultura.cat\/es\/"},{"@type":"ListItem","position":2,"name":"Aviso legal"}]},{"@type":"WebSite","@id":"https:\/\/www.fundaciocatalunyacultura.cat\/es\/#website","url":"https:\/\/www.fundaciocatalunyacultura.cat\/es\/","name":"Fundaci\u00f3 Catalunya Cultura","description":"","publisher":{"@id":"https:\/\/www.fundaciocatalunyacultura.cat\/es\/#organization"},"potentialAction":[{"@type":"SearchAction","target":{"@type":"EntryPoint","urlTemplate":"https:\/\/www.fundaciocatalunyacultura.cat\/es\/?s={search_term_string}"},"query-input":{"@type":"PropertyValueSpecification","valueRequired":true,"valueName":"search_term_string"}}],"inLanguage":"es"},{"@type":"Organization","@id":"https:\/\/www.fundaciocatalunyacultura.cat\/es\/#organization","name":"Fundaci\u00f3 Catalunya Cultura","url":"https:\/\/www.fundaciocatalunyacultura.cat\/es\/","logo":{"@type":"ImageObject","inLanguage":"es","@id":"https:\/\/www.fundaciocatalunyacultura.cat\/es\/#\/schema\/logo\/image\/","url":"https:\/\/hundreds-wordpress-uploads.s3.amazonaws.com\/fundacio-catalunya-cultura\/uploads\/2021\/03\/fcc_logo_blanc-scaled.jpeg","contentUrl":"https:\/\/hundreds-wordpress-uploads.s3.amazonaws.com\/fundacio-catalunya-cultura\/uploads\/2021\/03\/fcc_logo_blanc-scaled.jpeg","width":2560,"height":1785,"caption":"Fundaci\u00f3 Catalunya Cultura"},"image":{"@id":"https:\/\/www.fundaciocatalunyacultura.cat\/es\/#\/schema\/logo\/image\/"},"sameAs":["https:\/\/www.facebook.com\/fundaciocatalunyacultura\/","https:\/\/x.com\/fcatcultura","https:\/\/www.linkedin.com\/company\/fundaci\u00f3-catalunya-cultura\/","https:\/\/ca.wikipedia.org\/wiki\/Fundaci\u00f3_Catalunya_Cultura"]}]}},"_links":{"self":[{"href":"https:\/\/www.fundaciocatalunyacultura.cat\/es\/wp-json\/wp\/v2\/pages\/11662","targetHints":{"allow":["GET"]}}],"collection":[{"href":"https:\/\/www.fundaciocatalunyacultura.cat\/es\/wp-json\/wp\/v2\/pages"}],"about":[{"href":"https:\/\/www.fundaciocatalunyacultura.cat\/es\/wp-json\/wp\/v2\/types\/page"}],"author":[{"embeddable":true,"href":"https:\/\/www.fundaciocatalunyacultura.cat\/es\/wp-json\/wp\/v2\/users\/1"}],"replies":[{"embeddable":true,"href":"https:\/\/www.fundaciocatalunyacultura.cat\/es\/wp-json\/wp\/v2\/comments?post=11662"}],"version-history":[{"count":2,"href":"https:\/\/www.fundaciocatalunyacultura.cat\/es\/wp-json\/wp\/v2\/pages\/11662\/revisions"}],"predecessor-version":[{"id":26358,"href":"https:\/\/www.fundaciocatalunyacultura.cat\/es\/wp-json\/wp\/v2\/pages\/11662\/revisions\/26358"}],"wp:attachment":[{"href":"https:\/\/www.fundaciocatalunyacultura.cat\/es\/wp-json\/wp\/v2\/media?parent=11662"}],"curies":[{"name":"wp","href":"https:\/\/api.w.org\/{rel}","templated":true}]}}