{"id":10556,"date":"2022-09-07T11:34:26","date_gmt":"2022-09-07T11:34:26","guid":{"rendered":"https:\/\/www.fundaciocatalunyacultura.cat\/?page_id=10556"},"modified":"2025-10-22T08:37:23","modified_gmt":"2025-10-22T08:37:23","slug":"nit-de-la-empresa-i-la-cultura","status":"publish","type":"page","link":"https:\/\/www.fundaciocatalunyacultura.cat\/es\/nit-de-la-empresa-i-la-cultura\/","title":{"rendered":"\u00abLa Nit de l&#8217;Empresa i la Cultura\u00bb"},"content":{"rendered":"<p>La Fundaci\u00f3 Catalunya\u00a0Cultura celebrar\u00e1 el pr\u00f3ximo <strong>20 de octubre, en el Teatro de Sarri\u00e1<\/strong>, la s\u00e9ptima edici\u00f3n de la <strong>Gala IMPULSA CULTURA,<\/strong> en la cual se entregar\u00e1\u00a0el Premio IMPULSA CULTURA<strong> (PIC)<\/strong> y el Premio EMPRESA CULTURA<strong> (PEC)\u00a0<\/strong>de este a\u00f1o. El acto ser\u00e1 conducido por el comunicador <strong>\u00d2scar\u00a0Dalmau<\/strong>\u00a0y contar\u00e1 con la presencia de la consellera\u00a0de Cultura, <strong>Nat\u00e0lia Garriga<\/strong>, y por un representante del Ministerio de Cultura y Deporte.<\/p>\n<p>Los <a href=\"https:\/\/www.fundaciocatalunyacultura.cat\/es\/10-proyectos-optan-al-premio-impulsa-cultura-2022-presentaran-sus-iniciativas-en-la-septima-edicion-de-la-gala-impulsa\/\">10 proyectos finalistas del PIC<\/a> 2022 presentar\u00e1n sus propuestas culturales ante un p\u00fablico integrado principalmente por empresarios y empresarias comprometidos con el mundo cultural, y representantes de instituciones p\u00fablicas. Una vez acaben las presentaciones, un jurado valorar\u00e1 la innovaci\u00f3n, la creatividad, la calidad art\u00edstica, el impacto social y la sostenibilidad de cada uno de los proyectos candidatos, y dar\u00e1 a conocer el ganador, que recibir\u00e1 un cheque de 10.000 euros y una obra del artista de grafitis Maria\u00a0Musa.<\/p>\n<p>Este a\u00f1o, los miembros del <strong>jurado del PIC<\/strong> lo integran:<img loading=\"lazy\" decoding=\"async\" class=\"aligncenter size-full wp-image-10651\" src=\"https:\/\/hundreds-wordpress-uploads.s3.amazonaws.com\/fundacio-catalunya-cultura\/uploads\/2022\/09\/Tatxo-Benet-Cofundador-de-Mediapro-1-2.jpg\" alt=\"\" width=\"1775\" height=\"742\" srcset=\"https:\/\/hundreds-wordpress-uploads.s3.amazonaws.com\/fundacio-catalunya-cultura\/uploads\/2022\/09\/Tatxo-Benet-Cofundador-de-Mediapro-1-2.jpg 1775w, https:\/\/hundreds-wordpress-uploads.s3.amazonaws.com\/fundacio-catalunya-cultura\/uploads\/2022\/09\/Tatxo-Benet-Cofundador-de-Mediapro-1-2-300x125.jpg 300w, https:\/\/hundreds-wordpress-uploads.s3.amazonaws.com\/fundacio-catalunya-cultura\/uploads\/2022\/09\/Tatxo-Benet-Cofundador-de-Mediapro-1-2-1024x428.jpg 1024w, https:\/\/hundreds-wordpress-uploads.s3.amazonaws.com\/fundacio-catalunya-cultura\/uploads\/2022\/09\/Tatxo-Benet-Cofundador-de-Mediapro-1-2-768x321.jpg 768w, https:\/\/hundreds-wordpress-uploads.s3.amazonaws.com\/fundacio-catalunya-cultura\/uploads\/2022\/09\/Tatxo-Benet-Cofundador-de-Mediapro-1-2-1536x642.jpg 1536w\" sizes=\"auto, (max-width: 1775px) 100vw, 1775px\" \/><\/p>\n<p>Por otro lado, en el acto tambi\u00e9n se entregar\u00e1 el <strong>Premio EMPRESA CULTURA 2022<\/strong> a una empresa que destaque por su compromiso y su contribuci\u00f3n en el fomento y apoyo a la cultura en el \u00e1mbito de Catalu\u00f1a.<\/p>\n<p>El <strong>jurado<\/strong> de este galard\u00f3n est\u00e1 formado por:<\/p>\n<p><img loading=\"lazy\" decoding=\"async\" class=\"aligncenter size-full wp-image-10654\" src=\"https:\/\/hundreds-wordpress-uploads.s3.amazonaws.com\/fundacio-catalunya-cultura\/uploads\/2022\/09\/Tatxo-Benet-Cofundador-de-Mediapro-1-3.jpg\" alt=\"\" width=\"1801\" height=\"681\" srcset=\"https:\/\/hundreds-wordpress-uploads.s3.amazonaws.com\/fundacio-catalunya-cultura\/uploads\/2022\/09\/Tatxo-Benet-Cofundador-de-Mediapro-1-3.jpg 1801w, https:\/\/hundreds-wordpress-uploads.s3.amazonaws.com\/fundacio-catalunya-cultura\/uploads\/2022\/09\/Tatxo-Benet-Cofundador-de-Mediapro-1-3-300x113.jpg 300w, https:\/\/hundreds-wordpress-uploads.s3.amazonaws.com\/fundacio-catalunya-cultura\/uploads\/2022\/09\/Tatxo-Benet-Cofundador-de-Mediapro-1-3-1024x387.jpg 1024w, https:\/\/hundreds-wordpress-uploads.s3.amazonaws.com\/fundacio-catalunya-cultura\/uploads\/2022\/09\/Tatxo-Benet-Cofundador-de-Mediapro-1-3-768x290.jpg 768w, https:\/\/hundreds-wordpress-uploads.s3.amazonaws.com\/fundacio-catalunya-cultura\/uploads\/2022\/09\/Tatxo-Benet-Cofundador-de-Mediapro-1-3-1536x581.jpg 1536w\" sizes=\"auto, (max-width: 1801px) 100vw, 1801px\" \/>Adem\u00e1s, la Gala contar\u00e1 con actuaciones de varios proyectos que pertenecen a la <strong>Comunidad IMPULSA<\/strong> de la Fundaci\u00f3n.<\/p>\n","protected":false},"excerpt":{"rendered":"<p>La Fundaci\u00f3 Catalunya\u00a0Cultura celebrar\u00e1 el pr\u00f3ximo 20 de octubre, en el Teatro de Sarri\u00e1, la s\u00e9ptima edici\u00f3n de la Gala IMPULSA CULTURA, en la cual se entregar\u00e1\u00a0el Premio IMPULSA CULTURA (PIC) y el Premio EMPRESA CULTURA (PEC)\u00a0de este a\u00f1o. El acto ser\u00e1 conducido por el comunicador \u00d2scar\u00a0Dalmau\u00a0y contar\u00e1 con la presencia de la consellera\u00a0de Cultura, [&hellip;]<\/p>\n","protected":false},"author":1,"featured_media":0,"parent":0,"menu_order":0,"comment_status":"closed","ping_status":"closed","template":"page-gala-impulsa.php","meta":{"_acf_changed":false,"footnotes":""},"class_list":["post-10556","page","type-page","status-publish","hentry"],"acf":[],"yoast_head":"<!-- This site is optimized with the Yoast SEO plugin v25.1 - https:\/\/yoast.com\/wordpress\/plugins\/seo\/ -->\n<title>&quot;La Nit de l&#039;Empresa i la Cultura&quot; | Fundaci\u00f3 Catalunya Cultura<\/title>\n<meta name=\"robots\" content=\"index, follow, max-snippet:-1, max-image-preview:large, max-video-preview:-1\" \/>\n<link rel=\"canonical\" href=\"https:\/\/www.fundaciocatalunyacultura.cat\/es\/nit-de-la-empresa-i-la-cultura\/\" \/>\n<meta property=\"og:locale\" content=\"es_ES\" \/>\n<meta property=\"og:type\" content=\"article\" \/>\n<meta property=\"og:title\" content=\"&quot;La Nit de l&#039;Empresa i la Cultura&quot; | Fundaci\u00f3 Catalunya Cultura\" \/>\n<meta property=\"og:description\" content=\"La Fundaci\u00f3 Catalunya\u00a0Cultura celebrar\u00e1 el pr\u00f3ximo 20 de octubre, en el Teatro de Sarri\u00e1, la s\u00e9ptima edici\u00f3n de la Gala IMPULSA CULTURA, en la cual se entregar\u00e1\u00a0el Premio IMPULSA CULTURA (PIC) y el Premio EMPRESA CULTURA (PEC)\u00a0de este a\u00f1o. El acto ser\u00e1 conducido por el comunicador \u00d2scar\u00a0Dalmau\u00a0y contar\u00e1 con la presencia de la consellera\u00a0de Cultura, [&hellip;]\" \/>\n<meta property=\"og:url\" content=\"https:\/\/www.fundaciocatalunyacultura.cat\/es\/nit-de-la-empresa-i-la-cultura\/\" \/>\n<meta property=\"og:site_name\" content=\"Fundaci\u00f3 Catalunya Cultura\" \/>\n<meta property=\"article:publisher\" content=\"https:\/\/www.facebook.com\/fundaciocatalunyacultura\/\" \/>\n<meta property=\"article:modified_time\" content=\"2025-10-22T08:37:23+00:00\" \/>\n<meta property=\"og:image\" content=\"https:\/\/hundreds-wordpress-uploads.s3.amazonaws.com\/fundacio-catalunya-cultura\/uploads\/2022\/10\/gala_impusa_cultura_2022.jpg\" \/>\n<meta name=\"twitter:card\" content=\"summary_large_image\" \/>\n<meta name=\"twitter:image\" content=\"https:\/\/hundreds-wordpress-uploads.s3.amazonaws.com\/fundacio-catalunya-cultura\/uploads\/2022\/10\/gala_impusa_cultura_2022-1.jpg\" \/>\n<meta name=\"twitter:site\" content=\"@fcatcultura\" \/>\n<meta name=\"twitter:label1\" content=\"Tiempo de lectura\" \/>\n\t<meta name=\"twitter:data1\" content=\"2 minutos\" \/>\n<script type=\"application\/ld+json\" class=\"yoast-schema-graph\">{\"@context\":\"https:\/\/schema.org\",\"@graph\":[{\"@type\":\"WebPage\",\"@id\":\"https:\/\/www.fundaciocatalunyacultura.cat\/es\/nit-de-la-empresa-i-la-cultura\/\",\"url\":\"https:\/\/www.fundaciocatalunyacultura.cat\/es\/nit-de-la-empresa-i-la-cultura\/\",\"name\":\"\\\"La Nit de l'Empresa i la Cultura\\\" | Fundaci\u00f3 Catalunya Cultura\",\"isPartOf\":{\"@id\":\"https:\/\/www.fundaciocatalunyacultura.cat\/es\/#website\"},\"primaryImageOfPage\":{\"@id\":\"https:\/\/www.fundaciocatalunyacultura.cat\/es\/nit-de-la-empresa-i-la-cultura\/#primaryimage\"},\"image\":{\"@id\":\"https:\/\/www.fundaciocatalunyacultura.cat\/es\/nit-de-la-empresa-i-la-cultura\/#primaryimage\"},\"thumbnailUrl\":\"https:\/\/hundreds-wordpress-uploads.s3.amazonaws.com\/fundacio-catalunya-cultura\/uploads\/2022\/09\/Tatxo-Benet-Cofundador-de-Mediapro-1-2.jpg\",\"datePublished\":\"2022-09-07T11:34:26+00:00\",\"dateModified\":\"2025-10-22T08:37:23+00:00\",\"breadcrumb\":{\"@id\":\"https:\/\/www.fundaciocatalunyacultura.cat\/es\/nit-de-la-empresa-i-la-cultura\/#breadcrumb\"},\"inLanguage\":\"es\",\"potentialAction\":[{\"@type\":\"ReadAction\",\"target\":[\"https:\/\/www.fundaciocatalunyacultura.cat\/es\/nit-de-la-empresa-i-la-cultura\/\"]}]},{\"@type\":\"ImageObject\",\"inLanguage\":\"es\",\"@id\":\"https:\/\/www.fundaciocatalunyacultura.cat\/es\/nit-de-la-empresa-i-la-cultura\/#primaryimage\",\"url\":\"https:\/\/hundreds-wordpress-uploads.s3.amazonaws.com\/fundacio-catalunya-cultura\/uploads\/2022\/09\/Tatxo-Benet-Cofundador-de-Mediapro-1-2.jpg\",\"contentUrl\":\"https:\/\/hundreds-wordpress-uploads.s3.amazonaws.com\/fundacio-catalunya-cultura\/uploads\/2022\/09\/Tatxo-Benet-Cofundador-de-Mediapro-1-2.jpg\"},{\"@type\":\"BreadcrumbList\",\"@id\":\"https:\/\/www.fundaciocatalunyacultura.cat\/es\/nit-de-la-empresa-i-la-cultura\/#breadcrumb\",\"itemListElement\":[{\"@type\":\"ListItem\",\"position\":1,\"name\":\"Inici\",\"item\":\"https:\/\/www.fundaciocatalunyacultura.cat\/es\/\"},{\"@type\":\"ListItem\",\"position\":2,\"name\":\"\u00abLa Nit de l&#8217;Empresa i la Cultura\u00bb\"}]},{\"@type\":\"WebSite\",\"@id\":\"https:\/\/www.fundaciocatalunyacultura.cat\/es\/#website\",\"url\":\"https:\/\/www.fundaciocatalunyacultura.cat\/es\/\",\"name\":\"Fundaci\u00f3 Catalunya Cultura\",\"description\":\"\",\"publisher\":{\"@id\":\"https:\/\/www.fundaciocatalunyacultura.cat\/es\/#organization\"},\"potentialAction\":[{\"@type\":\"SearchAction\",\"target\":{\"@type\":\"EntryPoint\",\"urlTemplate\":\"https:\/\/www.fundaciocatalunyacultura.cat\/es\/?s={search_term_string}\"},\"query-input\":{\"@type\":\"PropertyValueSpecification\",\"valueRequired\":true,\"valueName\":\"search_term_string\"}}],\"inLanguage\":\"es\"},{\"@type\":\"Organization\",\"@id\":\"https:\/\/www.fundaciocatalunyacultura.cat\/es\/#organization\",\"name\":\"Fundaci\u00f3 Catalunya Cultura\",\"url\":\"https:\/\/www.fundaciocatalunyacultura.cat\/es\/\",\"logo\":{\"@type\":\"ImageObject\",\"inLanguage\":\"es\",\"@id\":\"https:\/\/www.fundaciocatalunyacultura.cat\/es\/#\/schema\/logo\/image\/\",\"url\":\"https:\/\/hundreds-wordpress-uploads.s3.amazonaws.com\/fundacio-catalunya-cultura\/uploads\/2021\/03\/fcc_logo_blanc-scaled.jpeg\",\"contentUrl\":\"https:\/\/hundreds-wordpress-uploads.s3.amazonaws.com\/fundacio-catalunya-cultura\/uploads\/2021\/03\/fcc_logo_blanc-scaled.jpeg\",\"width\":2560,\"height\":1785,\"caption\":\"Fundaci\u00f3 Catalunya Cultura\"},\"image\":{\"@id\":\"https:\/\/www.fundaciocatalunyacultura.cat\/es\/#\/schema\/logo\/image\/\"},\"sameAs\":[\"https:\/\/www.facebook.com\/fundaciocatalunyacultura\/\",\"https:\/\/x.com\/fcatcultura\",\"https:\/\/www.linkedin.com\/company\/fundaci\u00f3-catalunya-cultura\/\",\"https:\/\/ca.wikipedia.org\/wiki\/Fundaci\u00f3_Catalunya_Cultura\"]}]}<\/script>\n<!-- \/ Yoast SEO plugin. -->","yoast_head_json":{"title":"\"La Nit de l'Empresa i la Cultura\" | Fundaci\u00f3 Catalunya Cultura","robots":{"index":"index","follow":"follow","max-snippet":"max-snippet:-1","max-image-preview":"max-image-preview:large","max-video-preview":"max-video-preview:-1"},"canonical":"https:\/\/www.fundaciocatalunyacultura.cat\/es\/nit-de-la-empresa-i-la-cultura\/","og_locale":"es_ES","og_type":"article","og_title":"\"La Nit de l'Empresa i la Cultura\" | Fundaci\u00f3 Catalunya Cultura","og_description":"La Fundaci\u00f3 Catalunya\u00a0Cultura celebrar\u00e1 el pr\u00f3ximo 20 de octubre, en el Teatro de Sarri\u00e1, la s\u00e9ptima edici\u00f3n de la Gala IMPULSA CULTURA, en la cual se entregar\u00e1\u00a0el Premio IMPULSA CULTURA (PIC) y el Premio EMPRESA CULTURA (PEC)\u00a0de este a\u00f1o. El acto ser\u00e1 conducido por el comunicador \u00d2scar\u00a0Dalmau\u00a0y contar\u00e1 con la presencia de la consellera\u00a0de Cultura, [&hellip;]","og_url":"https:\/\/www.fundaciocatalunyacultura.cat\/es\/nit-de-la-empresa-i-la-cultura\/","og_site_name":"Fundaci\u00f3 Catalunya Cultura","article_publisher":"https:\/\/www.facebook.com\/fundaciocatalunyacultura\/","article_modified_time":"2025-10-22T08:37:23+00:00","og_image":[{"url":"https:\/\/hundreds-wordpress-uploads.s3.amazonaws.com\/fundacio-catalunya-cultura\/uploads\/2022\/10\/gala_impusa_cultura_2022.jpg","type":"","width":"","height":""}],"twitter_card":"summary_large_image","twitter_image":"https:\/\/hundreds-wordpress-uploads.s3.amazonaws.com\/fundacio-catalunya-cultura\/uploads\/2022\/10\/gala_impusa_cultura_2022-1.jpg","twitter_site":"@fcatcultura","twitter_misc":{"Tiempo de lectura":"2 minutos"},"schema":{"@context":"https:\/\/schema.org","@graph":[{"@type":"WebPage","@id":"https:\/\/www.fundaciocatalunyacultura.cat\/es\/nit-de-la-empresa-i-la-cultura\/","url":"https:\/\/www.fundaciocatalunyacultura.cat\/es\/nit-de-la-empresa-i-la-cultura\/","name":"\"La Nit de l'Empresa i la Cultura\" | Fundaci\u00f3 Catalunya Cultura","isPartOf":{"@id":"https:\/\/www.fundaciocatalunyacultura.cat\/es\/#website"},"primaryImageOfPage":{"@id":"https:\/\/www.fundaciocatalunyacultura.cat\/es\/nit-de-la-empresa-i-la-cultura\/#primaryimage"},"image":{"@id":"https:\/\/www.fundaciocatalunyacultura.cat\/es\/nit-de-la-empresa-i-la-cultura\/#primaryimage"},"thumbnailUrl":"https:\/\/hundreds-wordpress-uploads.s3.amazonaws.com\/fundacio-catalunya-cultura\/uploads\/2022\/09\/Tatxo-Benet-Cofundador-de-Mediapro-1-2.jpg","datePublished":"2022-09-07T11:34:26+00:00","dateModified":"2025-10-22T08:37:23+00:00","breadcrumb":{"@id":"https:\/\/www.fundaciocatalunyacultura.cat\/es\/nit-de-la-empresa-i-la-cultura\/#breadcrumb"},"inLanguage":"es","potentialAction":[{"@type":"ReadAction","target":["https:\/\/www.fundaciocatalunyacultura.cat\/es\/nit-de-la-empresa-i-la-cultura\/"]}]},{"@type":"ImageObject","inLanguage":"es","@id":"https:\/\/www.fundaciocatalunyacultura.cat\/es\/nit-de-la-empresa-i-la-cultura\/#primaryimage","url":"https:\/\/hundreds-wordpress-uploads.s3.amazonaws.com\/fundacio-catalunya-cultura\/uploads\/2022\/09\/Tatxo-Benet-Cofundador-de-Mediapro-1-2.jpg","contentUrl":"https:\/\/hundreds-wordpress-uploads.s3.amazonaws.com\/fundacio-catalunya-cultura\/uploads\/2022\/09\/Tatxo-Benet-Cofundador-de-Mediapro-1-2.jpg"},{"@type":"BreadcrumbList","@id":"https:\/\/www.fundaciocatalunyacultura.cat\/es\/nit-de-la-empresa-i-la-cultura\/#breadcrumb","itemListElement":[{"@type":"ListItem","position":1,"name":"Inici","item":"https:\/\/www.fundaciocatalunyacultura.cat\/es\/"},{"@type":"ListItem","position":2,"name":"\u00abLa Nit de l&#8217;Empresa i la Cultura\u00bb"}]},{"@type":"WebSite","@id":"https:\/\/www.fundaciocatalunyacultura.cat\/es\/#website","url":"https:\/\/www.fundaciocatalunyacultura.cat\/es\/","name":"Fundaci\u00f3 Catalunya Cultura","description":"","publisher":{"@id":"https:\/\/www.fundaciocatalunyacultura.cat\/es\/#organization"},"potentialAction":[{"@type":"SearchAction","target":{"@type":"EntryPoint","urlTemplate":"https:\/\/www.fundaciocatalunyacultura.cat\/es\/?s={search_term_string}"},"query-input":{"@type":"PropertyValueSpecification","valueRequired":true,"valueName":"search_term_string"}}],"inLanguage":"es"},{"@type":"Organization","@id":"https:\/\/www.fundaciocatalunyacultura.cat\/es\/#organization","name":"Fundaci\u00f3 Catalunya Cultura","url":"https:\/\/www.fundaciocatalunyacultura.cat\/es\/","logo":{"@type":"ImageObject","inLanguage":"es","@id":"https:\/\/www.fundaciocatalunyacultura.cat\/es\/#\/schema\/logo\/image\/","url":"https:\/\/hundreds-wordpress-uploads.s3.amazonaws.com\/fundacio-catalunya-cultura\/uploads\/2021\/03\/fcc_logo_blanc-scaled.jpeg","contentUrl":"https:\/\/hundreds-wordpress-uploads.s3.amazonaws.com\/fundacio-catalunya-cultura\/uploads\/2021\/03\/fcc_logo_blanc-scaled.jpeg","width":2560,"height":1785,"caption":"Fundaci\u00f3 Catalunya Cultura"},"image":{"@id":"https:\/\/www.fundaciocatalunyacultura.cat\/es\/#\/schema\/logo\/image\/"},"sameAs":["https:\/\/www.facebook.com\/fundaciocatalunyacultura\/","https:\/\/x.com\/fcatcultura","https:\/\/www.linkedin.com\/company\/fundaci\u00f3-catalunya-cultura\/","https:\/\/ca.wikipedia.org\/wiki\/Fundaci\u00f3_Catalunya_Cultura"]}]}},"_links":{"self":[{"href":"https:\/\/www.fundaciocatalunyacultura.cat\/es\/wp-json\/wp\/v2\/pages\/10556","targetHints":{"allow":["GET"]}}],"collection":[{"href":"https:\/\/www.fundaciocatalunyacultura.cat\/es\/wp-json\/wp\/v2\/pages"}],"about":[{"href":"https:\/\/www.fundaciocatalunyacultura.cat\/es\/wp-json\/wp\/v2\/types\/page"}],"author":[{"embeddable":true,"href":"https:\/\/www.fundaciocatalunyacultura.cat\/es\/wp-json\/wp\/v2\/users\/1"}],"replies":[{"embeddable":true,"href":"https:\/\/www.fundaciocatalunyacultura.cat\/es\/wp-json\/wp\/v2\/comments?post=10556"}],"version-history":[{"count":96,"href":"https:\/\/www.fundaciocatalunyacultura.cat\/es\/wp-json\/wp\/v2\/pages\/10556\/revisions"}],"predecessor-version":[{"id":27491,"href":"https:\/\/www.fundaciocatalunyacultura.cat\/es\/wp-json\/wp\/v2\/pages\/10556\/revisions\/27491"}],"wp:attachment":[{"href":"https:\/\/www.fundaciocatalunyacultura.cat\/es\/wp-json\/wp\/v2\/media?parent=10556"}],"curies":[{"name":"wp","href":"https:\/\/api.w.org\/{rel}","templated":true}]}}