{"version":"1.0","provider_name":"Fundaci\u00f3 Catalunya Cultura","provider_url":"https:\/\/www.fundaciocatalunyacultura.cat\/es\/","title":"La comunidad impulsa | Fundaci\u00f3 Catalunya Cultura","type":"rich","width":600,"height":338,"html":"<blockquote class=\"wp-embedded-content\" data-secret=\"VeNfQg4vFs\"><a href=\"https:\/\/www.fundaciocatalunyacultura.cat\/es\/la-comunitat-impulsa\/\">La comunidad impulsa<\/a><\/blockquote><iframe sandbox=\"allow-scripts\" security=\"restricted\" src=\"https:\/\/www.fundaciocatalunyacultura.cat\/es\/la-comunitat-impulsa\/embed\/#?secret=VeNfQg4vFs\" width=\"600\" height=\"338\" title=\"\u00abLa comunidad impulsa\u00bb \u2014 Fundaci\u00f3 Catalunya Cultura\" data-secret=\"VeNfQg4vFs\" frameborder=\"0\" marginwidth=\"0\" marginheight=\"0\" scrolling=\"no\" class=\"wp-embedded-content\"><\/iframe><script type=\"text\/javascript\">\n\/* <![CDATA[ *\/\n\/*! This file is auto-generated *\/\n!function(d,l){\"use strict\";l.querySelector&&d.addEventListener&&\"undefined\"!=typeof URL&&(d.wp=d.wp||{},d.wp.receiveEmbedMessage||(d.wp.receiveEmbedMessage=function(e){var t=e.data;if((t||t.secret||t.message||t.value)&&!\/[^a-zA-Z0-9]\/.test(t.secret)){for(var s,r,n,a=l.querySelectorAll('iframe[data-secret=\"'+t.secret+'\"]'),o=l.querySelectorAll('blockquote[data-secret=\"'+t.secret+'\"]'),c=new RegExp(\"^https?:$\",\"i\"),i=0;i<o.length;i++)o[i].style.display=\"none\";for(i=0;i<a.length;i++)s=a[i],e.source===s.contentWindow&&(s.removeAttribute(\"style\"),\"height\"===t.message?(1e3<(r=parseInt(t.value,10))?r=1e3:~~r<200&&(r=200),s.height=r):\"link\"===t.message&&(r=new URL(s.getAttribute(\"src\")),n=new URL(t.value),c.test(n.protocol))&&n.host===r.host&&l.activeElement===s&&(d.top.location.href=t.value))}},d.addEventListener(\"message\",d.wp.receiveEmbedMessage,!1),l.addEventListener(\"DOMContentLoaded\",function(){for(var e,t,s=l.querySelectorAll(\"iframe.wp-embedded-content\"),r=0;r<s.length;r++)(t=(e=s[r]).getAttribute(\"data-secret\"))||(t=Math.random().toString(36).substring(2,12),e.src+=\"#?secret=\"+t,e.setAttribute(\"data-secret\",t)),e.contentWindow.postMessage({message:\"ready\",secret:t},\"*\")},!1)))}(window,document);\n\/* ]]> *\/\n<\/script>\n","description":"La Fundaci\u00f3 Catalunya Cultura est\u00e0 representada per un gran nombre d\u2019empreses compromeses amb la cultura, per\u00f2\u00a0el nostre \u00e8xit resideix en l\u2019\u00e8xit que assoleixen els\u00a0projectes culturals acompanyats per la Fundaci\u00f3. El seu \u00e8xit \u00e9s el nostre \u00e8xit. Amb aquesta premissa hem dut a terme la primera trobada de la Comunitat IMPULSA amb l\u2019objectiu d\u2019enxarxar aquesta gran [&hellip;]"}