{"version":"1.0","provider_name":"Fundaci\u00f3 Catalunya Cultura","provider_url":"https:\/\/www.fundaciocatalunyacultura.cat\/es\/","title":"Firmamos un acuerdo de colaboraci\u00f3n con la Asociaci\u00f3n de Profesionales de la Gesti\u00f3n Cultural de Catalunya (APGCC) | Fundaci\u00f3 Catalunya Cultura","type":"rich","width":600,"height":338,"html":"<blockquote class=\"wp-embedded-content\" data-secret=\"47CsgF048t\"><a href=\"https:\/\/www.fundaciocatalunyacultura.cat\/es\/21270\/\">Firmamos un acuerdo de colaboraci\u00f3n con la Asociaci\u00f3n de Profesionales de la Gesti\u00f3n Cultural de Catalunya (APGCC)<\/a><\/blockquote><iframe sandbox=\"allow-scripts\" security=\"restricted\" src=\"https:\/\/www.fundaciocatalunyacultura.cat\/es\/21270\/embed\/#?secret=47CsgF048t\" width=\"600\" height=\"338\" title=\"\u00abFirmamos un acuerdo de colaboraci\u00f3n con la Asociaci\u00f3n de Profesionales de la Gesti\u00f3n Cultural de Catalunya (APGCC)\u00bb \u2014 Fundaci\u00f3 Catalunya Cultura\" data-secret=\"47CsgF048t\" frameborder=\"0\" marginwidth=\"0\" marginheight=\"0\" scrolling=\"no\" class=\"wp-embedded-content\"><\/iframe><script type=\"text\/javascript\">\n\/* <![CDATA[ *\/\n\/*! This file is auto-generated *\/\n!function(d,l){\"use strict\";l.querySelector&&d.addEventListener&&\"undefined\"!=typeof URL&&(d.wp=d.wp||{},d.wp.receiveEmbedMessage||(d.wp.receiveEmbedMessage=function(e){var t=e.data;if((t||t.secret||t.message||t.value)&&!\/[^a-zA-Z0-9]\/.test(t.secret)){for(var s,r,n,a=l.querySelectorAll('iframe[data-secret=\"'+t.secret+'\"]'),o=l.querySelectorAll('blockquote[data-secret=\"'+t.secret+'\"]'),c=new RegExp(\"^https?:$\",\"i\"),i=0;i<o.length;i++)o[i].style.display=\"none\";for(i=0;i<a.length;i++)s=a[i],e.source===s.contentWindow&&(s.removeAttribute(\"style\"),\"height\"===t.message?(1e3<(r=parseInt(t.value,10))?r=1e3:~~r<200&&(r=200),s.height=r):\"link\"===t.message&&(r=new URL(s.getAttribute(\"src\")),n=new URL(t.value),c.test(n.protocol))&&n.host===r.host&&l.activeElement===s&&(d.top.location.href=t.value))}},d.addEventListener(\"message\",d.wp.receiveEmbedMessage,!1),l.addEventListener(\"DOMContentLoaded\",function(){for(var e,t,s=l.querySelectorAll(\"iframe.wp-embedded-content\"),r=0;r<s.length;r++)(t=(e=s[r]).getAttribute(\"data-secret\"))||(t=Math.random().toString(36).substring(2,12),e.src+=\"#?secret=\"+t,e.setAttribute(\"data-secret\",t)),e.contentWindow.postMessage({message:\"ready\",secret:t},\"*\")},!1)))}(window,document);\n\/* ]]> *\/\n<\/script>\n","description":"La Fundaci\u00f3 Catalunya Cultura y la Asociaci\u00f3n de Profesionales de la Gesti\u00f3n Cultural en Catalu\u00f1a (APGCC) han firmado un convenio de colaboraci\u00f3n con el objetivo de trabajar de manera conjunta en proyectos de promoci\u00f3n de la cultura. El acto de formalizaci\u00f3n del acuerdo ha tenido lugar a nuestra Fundaci\u00f3n y ha ido a cargo de [&hellip;]"}